{"id":103,"date":"2019-06-13T19:42:57","date_gmt":"2019-06-13T17:42:57","guid":{"rendered":"http:\/\/feelbetter.fr\/?page_id=103"},"modified":"2021-01-22T17:42:12","modified_gmt":"2021-01-22T16:42:12","slug":"therapeute-energeticienne","status":"publish","type":"page","link":"https:\/\/feelbetter.fr\/index.php\/therapeute-energeticienne\/","title":{"rendered":"THERAPEUTE ENERGETICIENNE"},"content":{"rendered":"\n<div class=\"wp-block-image\"><figure class=\"aligncenter\"><img fetchpriority=\"high\" decoding=\"async\" width=\"1024\" height=\"216\" src=\"https:\/\/feelbetter.fr\/wp-content\/uploads\/2021\/01\/soin-energetique-reiki-1024x216.jpg\" alt=\"\" class=\"wp-image-342\" srcset=\"https:\/\/feelbetter.fr\/wp-content\/uploads\/2021\/01\/soin-energetique-reiki-1024x216.jpg 1024w, https:\/\/feelbetter.fr\/wp-content\/uploads\/2021\/01\/soin-energetique-reiki-300x63.jpg 300w, https:\/\/feelbetter.fr\/wp-content\/uploads\/2021\/01\/soin-energetique-reiki-768x162.jpg 768w, https:\/\/feelbetter.fr\/wp-content\/uploads\/2021\/01\/soin-energetique-reiki-1536x323.jpg 1536w, https:\/\/feelbetter.fr\/wp-content\/uploads\/2021\/01\/soin-energetique-reiki-285x60.jpg 285w, https:\/\/feelbetter.fr\/wp-content\/uploads\/2021\/01\/soin-energetique-reiki.jpg 1900w\" sizes=\"(max-width: 1024px) 100vw, 1024px\" \/><\/figure><\/div>\n\n\n\n<h2 class=\"has-black-color has-light-green-cyan-background-color has-text-color has-background wp-block-heading\">D\u00e9finitions du soin et de l\u2019\u00e9nerg\u00e9tique<\/h2>\n\n\n\n<p><strong>Le soin<\/strong>, c\u2019est apporter du <strong>bien-\u00eatre<\/strong>, de la <strong>d\u00e9tente<\/strong>, de la <strong>relaxation<\/strong> et du <strong>l\u00e2cher-prise<\/strong> face au stress environnant. C\u2019est un moment privil\u00e9gi\u00e9 avec soi-m\u00eame, se pr\u00e9occuper de soi pour mieux repartir dans la vie active. En g\u00e9n\u00e9ral on se tourne vers des professionnels qui sont qualifi\u00e9s pour \u00ab&nbsp;donner&nbsp;\u00bb ce soin et aussi s\u2019octroyer un instant de <strong>qui\u00e9tude,<\/strong> de laisser-aller sans \u00ab&nbsp;faire&nbsp;\u00bb ou \u00ab&nbsp;penser \u00e0&nbsp;\u00bb \u2026 quoi que ce soit. On prend \u00ab&nbsp;soin&nbsp;\u00bb de Vous !<\/p>\n\n\n\n<p><strong>L\u2019\u00e9nerg\u00e9tique<\/strong>, c\u2019est l\u2019utilisation de l\u2019\u00e9nergie vitale qui nous entoure, de la capter et la transmettre le plus \u00ab&nbsp;purement&nbsp;\u00bb possible. Cela se joue sur l\u2019intention consciente, plus mon intention est \u00ab&nbsp;pure&nbsp;\u00bb ; est \u00ab&nbsp;amour inconditionnel&nbsp;\u00bb, plus elle aura d\u2019impact, de force vitale pour celui qui en re\u00e7oit. Le <strong>th\u00e9rapeute \u00e9nerg\u00e9tique<\/strong> qui \u00ab&nbsp;donnera&nbsp;\u00bb le soin, se concentre et visualise l\u2019\u00e9nergie sous forme de \u00ab&nbsp;lumi\u00e8re&nbsp;\u00bb, la plus claire et chatoyante possible pour la diffuser tout au long du soin. Ce dernier s\u2019appuie aussi sur de la musique douce et relaxante dans un lieu propice et chaleureux \u00e0 la d\u00e9tente.<\/p>\n\n\n\n<h2 class=\"has-black-color has-light-green-cyan-background-color has-text-color has-background wp-block-heading\">Le soin \u00e9nerg\u00e9tique<\/h2>\n\n\n\n<p>Un<strong> soin \u00e9nerg\u00e9tique<\/strong> est par d\u00e9finition un soin qui permet d\u2019<strong>harmoniser<\/strong>, d\u2019<strong>\u00e9quilibrer<\/strong> le flux \u00e9nerg\u00e9tique du corps et de l\u2019esprit. Il d\u00e9noue les noeuds, blocages et stress autant mental que physique. C\u2019est comme si on faisait couler une rivi\u00e8re de chaleur bienfaisante et bienveillante dans son \u00eatre tout entier, qui petit \u00e0 petit l\u00e2che ses r\u00e9sistances et se met au repos global. Celui qui \u00ab&nbsp;re\u00e7oit&nbsp;\u00bb le <strong>soin \u00e9nerg\u00e9tique<\/strong> en ressort apais\u00e9, ragaillardi et parfois grandi. Il connecte avec le \u00ab&nbsp;beau&nbsp;\u00bb, le \u00ab&nbsp;bon&nbsp;\u00bb et le \u00ab&nbsp;lumineux&nbsp;\u00bb, une ode \u00e0 l\u2019\u00e9tat de gr\u00e2ce est exp\u00e9riment\u00e9. De cette exp\u00e9rience peut d\u00e9couler une demande de \u00ab&nbsp;toucher&nbsp;\u00bb \u00e0 cette <strong>\u00e9nergie subtile<\/strong> qui est disponible sans r\u00e9pit et \u00e0 la port\u00e9e de tous.<\/p>\n\n\n\n<p>Pour en savoir plus, je suis \u00e0 votre disposition pour dans un premier temps r\u00e9aliser un bilan \u00e9nerg\u00e9tique.<\/p>\n\n\n\n<p>Agn\u00e8s FLIPO<br>06 84 808 525 <\/p>\n","protected":false},"excerpt":{"rendered":"<p>D\u00e9finitions du soin et de l\u2019\u00e9nerg\u00e9tique Le soin, c\u2019est apporter du bien-\u00eatre, de la d\u00e9tente, de la relaxation et du l\u00e2cher-prise face au stress environnant. C\u2019est un moment privil\u00e9gi\u00e9 avec soi-m\u00eame, se pr\u00e9occuper de soi pour mieux repartir dans la vie active. En g\u00e9n\u00e9ral on se tourne vers des professionnels qui sont qualifi\u00e9s pour \u00ab&nbsp;donner&nbsp;\u00bb &hellip; <\/p>\n","protected":false},"author":1,"featured_media":0,"parent":0,"menu_order":0,"comment_status":"closed","ping_status":"closed","template":"","meta":{"footnotes":""},"class_list":["post-103","page","type-page","status-publish","hentry"],"_links":{"self":[{"href":"https:\/\/feelbetter.fr\/index.php\/wp-json\/wp\/v2\/pages\/103","targetHints":{"allow":["GET"]}}],"collection":[{"href":"https:\/\/feelbetter.fr\/index.php\/wp-json\/wp\/v2\/pages"}],"about":[{"href":"https:\/\/feelbetter.fr\/index.php\/wp-json\/wp\/v2\/types\/page"}],"author":[{"embeddable":true,"href":"https:\/\/feelbetter.fr\/index.php\/wp-json\/wp\/v2\/users\/1"}],"replies":[{"embeddable":true,"href":"https:\/\/feelbetter.fr\/index.php\/wp-json\/wp\/v2\/comments?post=103"}],"version-history":[{"count":15,"href":"https:\/\/feelbetter.fr\/index.php\/wp-json\/wp\/v2\/pages\/103\/revisions"}],"predecessor-version":[{"id":366,"href":"https:\/\/feelbetter.fr\/index.php\/wp-json\/wp\/v2\/pages\/103\/revisions\/366"}],"wp:attachment":[{"href":"https:\/\/feelbetter.fr\/index.php\/wp-json\/wp\/v2\/media?parent=103"}],"curies":[{"name":"wp","href":"https:\/\/api.w.org\/{rel}","templated":true}]}}